{"id":1663,"date":"2019-07-26T07:42:01","date_gmt":"2019-07-26T07:42:01","guid":{"rendered":"http:\/\/tdapp.org\/es\/?page_id=1663"},"modified":"2019-07-26T08:06:13","modified_gmt":"2019-07-26T08:06:13","slug":"sincope","status":"publish","type":"page","link":"https:\/\/tdapp.org\/es\/efectos-adversos\/sincope\/","title":{"rendered":"S\u00edncope"},"content":{"rendered":"[et_pb_section fb_built=\u00bb1&#8243; fullwidth=\u00bbon\u00bb next_background_color=\u00bb#ffffff\u00bb _builder_version=\u00bb3.26.3&#8243; background_color=\u00bb#471473&#8243; bottom_divider_style=\u00bbcurve\u00bb bottom_divider_height=\u00bb30px\u00bb locked=\u00bboff\u00bb][et_pb_fullwidth_header title=\u00bbPara Pacientes\u00bb _builder_version=\u00bb3.26.2&#8243; title_font=\u00bbQuicksand|700|||||||\u00bb title_text_align=\u00bbcenter\u00bb title_text_color=\u00bb#ffffff\u00bb title_font_size=\u00bb36px\u00bb custom_padding=\u00bb20px||20px||false|false\u00bb][\/et_pb_fullwidth_header][\/et_pb_section][et_pb_section fb_built=\u00bb1&#8243; specialty=\u00bbon\u00bb _builder_version=\u00bb3.26.3&#8243; width=\u00bb100%\u00bb max_width=\u00bb100%\u00bb inner_module_alignment=\u00bbcenter\u00bb custom_padding=\u00bb30px|||||\u00bb locked=\u00bboff\u00bb][et_pb_column type=\u00bb1_4&#8243; _builder_version=\u00bb3.25&#8243; custom_padding=\u00bb|||\u00bb custom_padding__hover=\u00bb|||\u00bb][et_pb_sidebar area=\u00bbsidebar-1&#8243; show_border=\u00bboff\u00bb _builder_version=\u00bb3.26.3&#8243; header_text_color=\u00bb#582d80&#8243; header_font_size=\u00bb22px\u00bb body_font=\u00bb|600|||||||\u00bb body_text_color=\u00bb#471473&#8243; body_font_size=\u00bb16px\u00bb body_line_height=\u00bb1.4em\u00bb text_orientation=\u00bbleft\u00bb global_module=\u00bb493&#8243; saved_tabs=\u00bball\u00bb][\/et_pb_sidebar][\/et_pb_column][et_pb_column type=\u00bb3_4&#8243; specialty_columns=\u00bb3&#8243; _builder_version=\u00bb3.25&#8243; custom_padding=\u00bb|||\u00bb custom_padding__hover=\u00bb|||\u00bb][et_pb_row_inner _builder_version=\u00bb3.26.3&#8243; column_structure=\u00bbundefined\u00bb][et_pb_column_inner type=\u00bbundefined\u00bb saved_specialty_column_type=\u00bb3_4&#8243; _builder_version=\u00bb3.26.3&#8243;][et_pb_post_title meta=\u00bboff\u00bb featured_image=\u00bboff\u00bb _builder_version=\u00bb3.26.3&#8243;]&nbsp;<br \/>\n[\/et_pb_post_title][et_pb_text _builder_version=\u00bb3.26.2&#8243; text_font=\u00bb|700|||||||\u00bb text_text_color=\u00bb#666666&#8243;]\n<p>Algunos medicamentos que se utilizan para el tratamiento del TDAH provocan s\u00edncope que es una p\u00e9rdida repentina y moment\u00e1nea del conocimiento y de la fuerza que se resuelve de forma espont\u00e1nea. Los medicamentos que producen este efecto adverso lo hacen de forma poco frecuente. Es un efecto adverso que puede ser grave y que desaparece cuando el paciente deja de tomar el tratamiento.<\/p>\n[\/et_pb_text][et_pb_toggle title=\u00bb\u00bfQu\u00e9 relaci\u00f3n existe entre el tratamiento del TDAH y el s\u00edncope?\u00bb open=\u00bbon\u00bb open_toggle_text_color=\u00bb#471473&#8243; closed_toggle_text_color=\u00bb#471473&#8243; icon_color=\u00bb#471473&#8243; use_icon_font_size=\u00bbon\u00bb icon_font_size=\u00bb22px\u00bb admin_label=\u00bbQuina relaci\u00f3 hi ha entre el tractament del TDAH i el s\u00edncope?\u00bb _builder_version=\u00bb3.26.2&#8243; title_text_color=\u00bb#471473&#8243; title_font=\u00bbQuicksand|700|||||||\u00bb title_font_size=\u00bb22px\u00bb title_line_height=\u00bb26px\u00bb border_radii=\u00bbon|15px|15px|15px|15px\u00bb]\n<p>Algunos medicamentos que se utilizan para el tratamiento de TDAH producen s\u00edncope. El s\u00edncope es una p\u00e9rdida repentina y moment\u00e1nea del conocimiento y la fuerza que se resuelve de forma espont\u00e1nea. El s\u00edncope relacionado con la administraci\u00f3n de medicamentos para el tratamiento del TDAH suele producirse por una bajada importante de la presi\u00f3n arterial y, antes de que se produzca, el paciente nota que se encuentra mareado. Las personas que tienen una presi\u00f3n arterial o frecuencia card\u00edaca baja tienen una probabilidad m\u00e1s alta de presentar s\u00edncope. El s\u00edncope puede ser grave si se produce mientras la persona est\u00e1 conduciendo o realizando actividades peligrosas. Si el s\u00edncope es causado por el medicamento, cuando se retira el tratamiento no se suele volver a producir.<\/p>\n<p>El s\u00edncope es un efecto adverso poco frecuente. En tratamientos de pocas semanas o meses de duraci\u00f3n se cree que afecta a menos de 1 de cada 100 pacientes. No est\u00e1 claro cu\u00e1ntas veces m\u00e1s frecuente es el s\u00edncope entre las personas con TDAH que reciben tratamiento respecto a las que no reciben.<\/p>\n[\/et_pb_toggle][\/et_pb_column_inner][\/et_pb_row_inner][\/et_pb_column][\/et_pb_section][et_pb_section fb_built=\u00bb1&#8243; admin_label=\u00bbMODUL ACCES AL FORMULARI\u00bb _builder_version=\u00bb3.26.3&#8243; background_color=\u00bb#f78d13&#8243; custom_padding=\u00bb70px||36px|||\u00bb top_divider_style=\u00bbcurve\u00bb top_divider_color=\u00bb#ffffff\u00bb top_divider_height=\u00bb30px\u00bb bottom_divider_color=\u00bb#ffffff\u00bb bottom_divider_height=\u00bb30px\u00bb bottom_divider_flip=\u00bbvertical\u00bb global_module=\u00bb495&#8243; saved_tabs=\u00bball\u00bb locked=\u00bboff\u00bb][et_pb_row column_structure=\u00bb1_5,3_5,1_5&#8243; use_custom_gutter=\u00bbon\u00bb gutter_width=\u00bb1&#8243; custom_padding=\u00bb0px||0px||false|false\u00bb custom_margin=\u00bb0px||0px||false|false\u00bb disabled_on=\u00bbon|off|off\u00bb admin_label=\u00bbdesktop \/  tablet\u00bb _builder_version=\u00bb3.26.2&#8243; width=\u00bb100%\u00bb link_option_url=\u00bbhttp:\/\/tdapp.org\/formulari-tdapp\/\u00bb custom_css_main_element=\u00bbdisplay: flex;||align-items: center;\u00bb][et_pb_column type=\u00bb1_5&#8243; _builder_version=\u00bb3.26.3&#8243;][et_pb_image src=\u00bbhttp:\/\/tdapp.org\/es\/wp-content\/uploads\/sites\/2\/2019\/07\/TDApp-icon-formulari-1.png\u00bb align=\u00bbcenter\u00bb _builder_version=\u00bb3.26.3&#8243;][\/et_pb_image][\/et_pb_column][et_pb_column type=\u00bb3_5&#8243; _builder_version=\u00bb3.26.3&#8243;][et_pb_cta title=\u00bbAcceso al Formulario TDApp para Pacientes\u00bb _builder_version=\u00bb3.26.2&#8243; header_font=\u00bb|700|||||||\u00bb header_font_size=\u00bb30px\u00bb body_font=\u00bb|600|||||||\u00bb body_text_color=\u00bb#000000&#8243; body_font_size=\u00bb18px\u00bb background_color=\u00bbrgba(0,0,0,0)\u00bb text_orientation=\u00bbleft\u00bb min_height=\u00bb138px\u00bb custom_padding=\u00bb15px||0px|0px||\u00bb]\n<p>Pendent definir text del m\u00f2dul. Praesent leo orci, bibendum a nulla gravida, viverra facilisis lorem. Nam consequat quam ut posuere egestas. Fusce venenatis lacinia fermentum.<\/p>\n[\/et_pb_cta][\/et_pb_column][et_pb_column type=\u00bb1_5&#8243; _builder_version=\u00bb3.26.3&#8243;][et_pb_image src=\u00bbhttp:\/\/tdapp.org\/es\/wp-content\/uploads\/sites\/2\/2019\/07\/Fletxa-dreta.png\u00bb url=\u00bbhttp:\/\/tdapp.org\/formulari-tdapp\/\u00bb align=\u00bbcenter\u00bb _builder_version=\u00bb3.26.3&#8243; custom_css_after__hover_enabled=\u00bbon\u00bb][\/et_pb_image][\/et_pb_column][\/et_pb_row][et_pb_row use_custom_gutter=\u00bbon\u00bb gutter_width=\u00bb1&#8243; custom_padding=\u00bb0px||0px||false|false\u00bb custom_margin=\u00bb0px||0px||false|false\u00bb disabled_on=\u00bboff|on|on\u00bb admin_label=\u00bbphone\u00bb _builder_version=\u00bb3.26.3&#8243; width=\u00bb100%\u00bb link_option_url=\u00bbhttp:\/\/tdapp.org\/formulari-tdapp\/\u00bb][et_pb_column type=\u00bb4_4&#8243; _builder_version=\u00bb3.26.3&#8243;][et_pb_image src=\u00bbhttp:\/\/tdapp.org\/es\/wp-content\/uploads\/sites\/2\/2019\/07\/TDApp-icon-formulari-1.png\u00bb align=\u00bbcenter\u00bb _builder_version=\u00bb3.26.2&#8243; max_width=\u00bb100px\u00bb module_alignment=\u00bbcenter\u00bb][\/et_pb_image][et_pb_cta title=\u00bbAcceso al Formulario TDApp para Pacientes\u00bb button_url=\u00bbhttp:\/\/tdapp.org\/formulari-tdapp\/\u00bb button_text=\u00bbAccedir\u00bb _builder_version=\u00bb3.26.2&#8243; header_font=\u00bb|700|||||||\u00bb header_font_size=\u00bb30px\u00bb body_font=\u00bb|600|||||||\u00bb body_text_color=\u00bb#000000&#8243; body_font_size=\u00bb18px\u00bb background_color=\u00bbrgba(0,0,0,0)\u00bb custom_button=\u00bbon\u00bb button_text_color=\u00bb#333333&#8243; button_border_color=\u00bb#333333&#8243; button_icon_color=\u00bb#ffffff\u00bb custom_padding=\u00bb15px||0px||false|false\u00bb button_border_color__hover_enabled=\u00bbon\u00bb button_border_color__hover=\u00bb#ffffff\u00bb button_bg_color__hover_enabled=\u00bbon\u00bb button_bg_color__hover=\u00bb#ffffff\u00bb button_bg_enable_color__hover=\u00bbon\u00bb button_text_color__hover_enabled=\u00bbon\u00bb button_text_color__hover=\u00bb#f78d13&#8243;]\n<p>Pendent definir text del m\u00f2dul. Praesent leo orci, bibendum a nulla gravida, viverra facilisis lorem. Nam consequat quam ut posuere egestas. Fusce venenatis lacinia fermentum.<\/p>\n[\/et_pb_cta][\/et_pb_column][\/et_pb_row][\/et_pb_section][et_pb_section fb_built=\u00bb1&#8243; admin_label=\u00bbV2 PATROCINADORS MODUL \u00bb _builder_version=\u00bb3.26.3&#8243; background_color=\u00bb#333333&#8243; custom_padding=\u00bb65px||11px|||\u00bb top_divider_height=\u00bb30px\u00bb bottom_divider_color=\u00bb#ffffff\u00bb bottom_divider_height=\u00bb30px\u00bb bottom_divider_flip=\u00bbvertical\u00bb global_module=\u00bb1448&#8243; saved_tabs=\u00bball\u00bb locked=\u00bboff\u00bb][et_pb_row use_custom_gutter=\u00bbon\u00bb gutter_width=\u00bb1&#8243; custom_padding=\u00bb0px||0px||false|false\u00bb custom_margin=\u00bb0px||0px||false|false\u00bb _builder_version=\u00bb3.26.3&#8243; width=\u00bb100%\u00bb][et_pb_column type=\u00bb4_4&#8243; _builder_version=\u00bb3.26.3&#8243;][et_pb_text _builder_version=\u00bb3.26.2&#8243; text_font=\u00bbQuicksand|700|||||||\u00bb text_text_color=\u00bb#ffffff\u00bb text_font_size=\u00bb36px\u00bb custom_margin=\u00bb||-1px|||\u00bb custom_padding=\u00bb||1px|||\u00bb text_font_size_phone=\u00bb30px\u00bb text_font_size_last_edited=\u00bbon|phone\u00bb]\n<p style=\"text-align: center;\">Patrocinadores y colaboradores<\/p>\n[\/et_pb_text][\/et_pb_column][\/et_pb_row][et_pb_row column_structure=\u00bb1_4,1_4,1_4,1_4&#8243; custom_padding=\u00bb||0px|||\u00bb disabled_on=\u00bbon|off|off\u00bb admin_label=\u00bbDesktop \/ tablet\u00bb _builder_version=\u00bb3.26.3&#8243; width=\u00bb90%\u00bb max_width=\u00bb90%\u00bb][et_pb_column type=\u00bb1_4&#8243; _builder_version=\u00bb3.26.3&#8243;][et_pb_image src=\u00bbhttp:\/\/tdapp.org\/es\/wp-content\/uploads\/sites\/2\/2019\/07\/Universitat-Girona.png\u00bb url=\u00bbhttps:\/\/www.udg.edu\u00bb url_new_window=\u00bbon\u00bb align=\u00bbcenter\u00bb admin_label=\u00bbUni Girona\u00bb _builder_version=\u00bb3.26.3&#8243; min_height=\u00bb120px\u00bb][\/et_pb_image][\/et_pb_column][et_pb_column type=\u00bb1_4&#8243; _builder_version=\u00bb3.26.3&#8243;][et_pb_image src=\u00bbhttp:\/\/tdapp.org\/es\/wp-content\/uploads\/sites\/2\/2019\/07\/Universitat-Girona-Campus-Salut.png\u00bb url=\u00bbhttps:\/\/www.udg.edu\/ca\/campussalut\u00bb url_new_window=\u00bbon\u00bb align=\u00bbcenter\u00bb admin_label=\u00bbUni Girona Campus Salut\u00bb _builder_version=\u00bb3.26.3&#8243; min_height=\u00bb142px\u00bb][\/et_pb_image][\/et_pb_column][et_pb_column type=\u00bb1_4&#8243; _builder_version=\u00bb3.26.3&#8243;][et_pb_image src=\u00bbhttp:\/\/tdapp.org\/es\/wp-content\/uploads\/sites\/2\/2019\/07\/Colegi-Metges-Girona.png\u00bb url=\u00bbhttp:\/\/www.comg.cat\u00bb url_new_window=\u00bbon\u00bb align=\u00bbcenter\u00bb admin_label=\u00bbcol\u00b7legi Metges\u00bb _builder_version=\u00bb3.26.3&#8243; custom_margin=\u00bb||-7px|||\u00bb custom_padding=\u00bb6px|||||\u00bb][\/et_pb_image][\/et_pb_column][et_pb_column type=\u00bb1_4&#8243; _builder_version=\u00bb3.26.3&#8243;][et_pb_image src=\u00bbhttp:\/\/tdapp.org\/es\/wp-content\/uploads\/sites\/2\/2019\/07\/Fundacio-Pascual.png\u00bb url=\u00bbhttp:\/\/www.comg.cat\/ca\/73-fundacio-pascual-i-prats\u00bb url_new_window=\u00bbon\u00bb align=\u00bbcenter\u00bb admin_label=\u00bbFundaci\u00f3 Pacual\u00bb _builder_version=\u00bb3.26.3&#8243; width=\u00bb95.9%\u00bb][\/et_pb_image][\/et_pb_column][\/et_pb_row][et_pb_row column_structure=\u00bb1_4,1_4,1_4,1_4&#8243; use_custom_gutter=\u00bbon\u00bb gutter_width=\u00bb1&#8243; custom_padding=\u00bb||0px|||\u00bb disabled_on=\u00bboff|on|on\u00bb admin_label=\u00bbPhone 1&#8243; _builder_version=\u00bb3.26.3&#8243; width=\u00bb90%\u00bb max_width=\u00bb200px\u00bb][et_pb_column type=\u00bb1_4&#8243; _builder_version=\u00bb3.26.3&#8243;][et_pb_image src=\u00bbhttp:\/\/tdapp.org\/es\/wp-content\/uploads\/sites\/2\/2019\/07\/Universitat-Girona.png\u00bb url=\u00bbhttps:\/\/www.udg.edu\u00bb url_new_window=\u00bbon\u00bb align=\u00bbcenter\u00bb admin_label=\u00bbUni Girona\u00bb _builder_version=\u00bb3.26.3&#8243; min_height=\u00bb120px\u00bb][\/et_pb_image][\/et_pb_column][et_pb_column type=\u00bb1_4&#8243; _builder_version=\u00bb3.26.3&#8243;][et_pb_image src=\u00bbhttp:\/\/tdapp.org\/es\/wp-content\/uploads\/sites\/2\/2019\/07\/Universitat-Girona-Campus-Salut.png\u00bb url=\u00bbhttps:\/\/www.udg.edu\/ca\/campussalut\u00bb url_new_window=\u00bbon\u00bb align=\u00bbcenter\u00bb admin_label=\u00bbUni Girona Campus Salut\u00bb _builder_version=\u00bb3.26.3&#8243; min_height=\u00bb142px\u00bb][\/et_pb_image][\/et_pb_column][et_pb_column type=\u00bb1_4&#8243; _builder_version=\u00bb3.26.3&#8243;][et_pb_image src=\u00bbhttp:\/\/tdapp.org\/es\/wp-content\/uploads\/sites\/2\/2019\/07\/Colegi-Metges-Girona.png\u00bb url=\u00bbhttp:\/\/www.comg.cat\u00bb url_new_window=\u00bbon\u00bb align=\u00bbcenter\u00bb admin_label=\u00bbcol\u00b7legi Metges\u00bb _builder_version=\u00bb3.26.3&#8243; custom_margin=\u00bb||-7px|||\u00bb custom_padding=\u00bb6px|||||\u00bb][\/et_pb_image][\/et_pb_column][et_pb_column type=\u00bb1_4&#8243; _builder_version=\u00bb3.26.3&#8243;][et_pb_image src=\u00bbhttp:\/\/tdapp.org\/es\/wp-content\/uploads\/sites\/2\/2019\/07\/Fundacio-Pascual.png\u00bb url=\u00bbhttp:\/\/www.comg.cat\/ca\/73-fundacio-pascual-i-prats\u00bb url_new_window=\u00bbon\u00bb align=\u00bbcenter\u00bb admin_label=\u00bbFundaci\u00f3 Pacual\u00bb _builder_version=\u00bb3.26.3&#8243; width=\u00bb95.9%\u00bb][\/et_pb_image][\/et_pb_column][\/et_pb_row][et_pb_row column_structure=\u00bb1_4,1_4,1_4,1_4&#8243; custom_padding=\u00bb0px|||||\u00bb disabled_on=\u00bbon|off|off\u00bb admin_label=\u00bbDesktop \/ tablet\u00bb _builder_version=\u00bb3.26.3&#8243; width=\u00bb90%\u00bb max_width=\u00bb90%\u00bb][et_pb_column type=\u00bb1_4&#8243; _builder_version=\u00bb3.26.3&#8243;][et_pb_image src=\u00bbhttp:\/\/tdapp.org\/es\/wp-content\/uploads\/sites\/2\/2019\/07\/iAS.png\u00bb url=\u00bbhttp:\/\/www.ias.cat\u00bb url_new_window=\u00bbon\u00bb align=\u00bbcenter\u00bb admin_label=\u00bbIAS\u00bb _builder_version=\u00bb3.26.3&#8243; width=\u00bb97.7%\u00bb][\/et_pb_image][\/et_pb_column][et_pb_column type=\u00bb1_4&#8243; _builder_version=\u00bb3.26.3&#8243;][et_pb_image src=\u00bbhttp:\/\/tdapp.org\/es\/wp-content\/uploads\/sites\/2\/2019\/07\/UOC.png\u00bb url=\u00bbhttps:\/\/www.uoc.edu\/portal\/es\/index.html\u00bb url_new_window=\u00bbon\u00bb align=\u00bbcenter\u00bb admin_label=\u00bbUOC\u00bb _builder_version=\u00bb3.26.3&#8243; custom_margin__hover_enabled=\u00bbon\u00bb][\/et_pb_image][\/et_pb_column][et_pb_column type=\u00bb1_4&#8243; _builder_version=\u00bb3.26.3&#8243;][et_pb_image src=\u00bbhttp:\/\/tdapp.org\/es\/wp-content\/uploads\/sites\/2\/2019\/07\/Parc-Sanitari-Sant-Joan-de-Deu.png\u00bb url=\u00bbhttp:\/\/www.pssjd.org\/ca-es\/Paginas\/default.aspx\u00bb url_new_window=\u00bbon\u00bb align=\u00bbcenter\u00bb admin_label=\u00bbParc Sanitari Sant Joan de Deu\u00bb _builder_version=\u00bb3.26.3&#8243; custom_margin__hover_enabled=\u00bbon\u00bb][\/et_pb_image][\/et_pb_column][et_pb_column type=\u00bb1_4&#8243; _builder_version=\u00bb3.26.3&#8243;][et_pb_image src=\u00bbhttp:\/\/tdapp.org\/es\/wp-content\/uploads\/sites\/2\/2019\/07\/Centro-Cochrane.png\u00bb url=\u00bbhttps:\/\/es.cochrane.org\/es\u00bb url_new_window=\u00bbon\u00bb align=\u00bbcenter\u00bb admin_label=\u00bbCochrane\u00bb _builder_version=\u00bb3.26.3&#8243;][\/et_pb_image][\/et_pb_column][\/et_pb_row][et_pb_row column_structure=\u00bb1_4,1_4,1_4,1_4&#8243; use_custom_gutter=\u00bbon\u00bb gutter_width=\u00bb1&#8243; custom_padding=\u00bb0px|||||\u00bb disabled_on=\u00bboff|on|on\u00bb admin_label=\u00bbPhone\u00bb _builder_version=\u00bb3.26.3&#8243; width=\u00bb90%\u00bb max_width=\u00bb200px\u00bb][et_pb_column type=\u00bb1_4&#8243; _builder_version=\u00bb3.26.3&#8243;][et_pb_image src=\u00bbhttp:\/\/tdapp.org\/es\/wp-content\/uploads\/sites\/2\/2019\/07\/iAS.png\u00bb url=\u00bbhttp:\/\/www.ias.cat\u00bb url_new_window=\u00bbon\u00bb align=\u00bbcenter\u00bb admin_label=\u00bbIAS\u00bb _builder_version=\u00bb3.26.3&#8243; width=\u00bb97.7%\u00bb][\/et_pb_image][\/et_pb_column][et_pb_column type=\u00bb1_4&#8243; _builder_version=\u00bb3.26.3&#8243;][et_pb_image src=\u00bbhttp:\/\/tdapp.org\/es\/wp-content\/uploads\/sites\/2\/2019\/07\/UOC.png\u00bb url=\u00bbhttps:\/\/www.uoc.edu\/portal\/es\/index.html\u00bb url_new_window=\u00bbon\u00bb align=\u00bbcenter\u00bb admin_label=\u00bbUOC\u00bb _builder_version=\u00bb3.26.3&#8243; custom_margin__hover_enabled=\u00bbon\u00bb][\/et_pb_image][\/et_pb_column][et_pb_column type=\u00bb1_4&#8243; _builder_version=\u00bb3.26.3&#8243;][et_pb_image src=\u00bbhttp:\/\/tdapp.org\/es\/wp-content\/uploads\/sites\/2\/2019\/07\/Parc-Sanitari-Sant-Joan-de-Deu.png\u00bb url=\u00bbhttp:\/\/www.pssjd.org\/ca-es\/Paginas\/default.aspx\u00bb url_new_window=\u00bbon\u00bb align=\u00bbcenter\u00bb admin_label=\u00bbParc Sanitari Sant Joan de Deu\u00bb _builder_version=\u00bb3.26.3&#8243; custom_margin__hover_enabled=\u00bbon\u00bb][\/et_pb_image][\/et_pb_column][et_pb_column type=\u00bb1_4&#8243; _builder_version=\u00bb3.26.3&#8243;][et_pb_image src=\u00bbhttp:\/\/tdapp.org\/es\/wp-content\/uploads\/sites\/2\/2019\/07\/Centro-Cochrane.png\u00bb url=\u00bbhttps:\/\/es.cochrane.org\/es\u00bb url_new_window=\u00bbon\u00bb align=\u00bbcenter\u00bb admin_label=\u00bbCochrane\u00bb _builder_version=\u00bb3.26.3&#8243;][\/et_pb_image][\/et_pb_column][\/et_pb_row][\/et_pb_section]\n","protected":false},"excerpt":{"rendered":"<p>&nbsp; Algunos medicamentos que se utilizan para el tratamiento del TDAH provocan s\u00edncope que es una p\u00e9rdida repentina y moment\u00e1nea del conocimiento y de la fuerza que se resuelve de forma espont\u00e1nea. Los medicamentos que producen este efecto adverso lo hacen de forma poco frecuente. Es un efecto adverso que puede ser grave y que [&hellip;]<\/p>\n","protected":false},"author":2,"featured_media":0,"parent":1668,"menu_order":0,"comment_status":"closed","ping_status":"closed","template":"","meta":{"_et_pb_use_builder":"on","_et_pb_old_content":"<p>[et_pb_section bb_built=\"1\" fullwidth=\"on\" next_background_color=\"#ffffff\" _builder_version=\"3.26.3\" background_color=\"#471473\" bottom_divider_style=\"curve\" bottom_divider_height=\"30px\" locked=\"off\"][et_pb_fullwidth_header title=\"Per a Pacients\" _builder_version=\"3.26.3\" title_font=\"Quicksand|700|||||||\" title_text_align=\"center\" title_text_color=\"#ffffff\" title_font_size=\"36px\" custom_padding=\"20px||20px||false|false\"]<\/p><p>\u00a0<\/p><p>[\/et_pb_fullwidth_header][\/et_pb_section][et_pb_section bb_built=\"1\" specialty=\"on\" _builder_version=\"3.26.3\" width=\"100%\" max_width=\"100%\" inner_module_alignment=\"center\" custom_padding=\"30px|||||\" locked=\"off\" prev_background_color=\"#471473\" next_background_color=\"#f78d13\"][et_pb_column type=\"1_4\"][et_pb_sidebar area=\"sidebar-1\" show_border=\"off\" _builder_version=\"3.26.3\" header_text_color=\"#582d80\" header_font_size=\"22px\" body_font=\"|600|||||||\" body_text_color=\"#471473\" body_font_size=\"16px\" body_line_height=\"1.4em\" text_orientation=\"left\" global_module=\"493\" saved_tabs=\"all\"]<\/p><p>\u00a0<\/p><p>[\/et_pb_sidebar][\/et_pb_column][et_pb_column type=\"3_4\" specialty_columns=\"3\"][et_pb_row_inner _builder_version=\"3.26.3\"][et_pb_column_inner type=\"undefined\" saved_specialty_column_type=\"3_4\" _builder_version=\"3.26.3\" saved_specialty_column_type=\"3_4\"][et_pb_post_title meta=\"off\" featured_image=\"off\" _builder_version=\"3.26.3\"]<\/p><p>\u00a0<\/p><p>[\/et_pb_post_title][et_pb_text _builder_version=\"3.26.3\" text_font=\"|700|||||||\" text_text_color=\"#666666\"]<\/p><p>Alguns medicaments que s\u2019utilitzen per al tractament del TDAH provoquen s\u00edncope que \u00e9s una p\u00e8rdua sobtada i moment\u00e0nia del coneixement i de la for\u00e7a que es resol de forma espont\u00e0nia. Els medicaments que produeixen aquest efecte advers ho fan de forma poc freq\u00fcent. \u00c9s un efecte advers que pot ser greu i que desapareix quan el pacient deixa de prendre el tractament.<\/p><p>[\/et_pb_text][et_pb_toggle admin_label=\"Quina relaci\u00f3 hi ha entre el tractament del TDAH i el s\u00edncope?\" title=\"Quina relaci\u00f3 hi ha entre el tractament del TDAH i el s\u00edncope?\" open=\"on\" open_toggle_text_color=\"#471473\" closed_toggle_text_color=\"#471473\" icon_color=\"#471473\" use_icon_font_size=\"on\" icon_font_size=\"22px\" _builder_version=\"3.26.3\" title_text_color=\"#471473\" title_font=\"Quicksand|700|||||||\" title_font_size=\"22px\" title_line_height=\"26px\" border_radii=\"on|15px|15px|15px|15px\"]<\/p><p>Alguns medicaments que s\u2019utilitzen per al tractament de TDAH produeixen s\u00edncope. El s\u00edncope \u00e9s una p\u00e8rdua sobtada i moment\u00e0nia del coneixement i la for\u00e7a que es resol de forma espont\u00e0nia. El s\u00edncope relacionat amb l\u2019administraci\u00f3 de medicaments pel tractament del TDAH sol produir-se per una baixada important de la pressi\u00f3 arterial i, abans de que es produeixi, el pacient nota que es troba marejat. Les persones que tenen una pressi\u00f3 arterial o freq\u00fc\u00e8ncia card\u00edaca baixa tenen una probabilitat m\u00e9s alta de presentar s\u00edncope. El s\u00edncope pot ser greu si es produeix mentre la persona est\u00e0 conduint o realitzant activitats perilloses. Si el s\u00edncope \u00e9s causat pel medicament, quan es retira el tractament no se sol tornar a produir.<\/p><p>El s\u00edncope \u00e9s un efecte advers poc freq\u00fcent. En tractaments de poques setmanes o mesos de durada es creu que afecta a menys d\u20191 de cada 100 pacients. No est\u00e0 clar quantes vegades m\u00e9s freq\u00fcent \u00e9s el s\u00edncope entre les persones amb TDAH que reben tractament respecte les que no en reben.<\/p><p>[\/et_pb_toggle][\/et_pb_column_inner][\/et_pb_row_inner][\/et_pb_column][\/et_pb_section][et_pb_section bb_built=\"1\" admin_label=\"MODUL ACCES AL FORMULARI\" _builder_version=\"3.26.3\" background_color=\"#f78d13\" custom_padding=\"70px||36px|||\" top_divider_style=\"curve\" top_divider_color=\"#ffffff\" top_divider_height=\"30px\" bottom_divider_color=\"#ffffff\" bottom_divider_height=\"30px\" bottom_divider_flip=\"vertical\" saved_tabs=\"all\" locked=\"off\" prev_background_color=\"#ffffff\" next_background_color=\"#333333\" global_module=\"495\"][et_pb_row admin_label=\"desktop \/ tablet\" global_parent=\"495\" column_structure=\"1_5,3_5,1_5\" use_custom_gutter=\"on\" gutter_width=\"1\" custom_padding=\"0px||0px||false|false\" custom_margin=\"0px||0px||false|false\" disabled_on=\"on|off|off\" _builder_version=\"3.26.3\" width=\"100%\" link_option_url=\"http:\/\/tdapp.org\/formulari-tdapp\/\" custom_css_main_element=\"display: flex;||align-items: center;\"][et_pb_column type=\"1_5\" global_parent=\"495\" _builder_version=\"3.26.3\"][et_pb_image global_parent=\"495\" src=\"http:\/\/tdapp.org\/wp-content\/uploads\/2019\/07\/TDApp-icon-formulari-1.png\" align=\"center\" _builder_version=\"3.26.3\" \/][\/et_pb_column][et_pb_column type=\"3_5\" global_parent=\"495\" _builder_version=\"3.26.3\"][et_pb_cta global_parent=\"495\" title=\"Acc\u00e9s al Formulari TDApp per a Pacients\" _builder_version=\"3.26.3\" header_font=\"|700|||||||\" header_font_size=\"30px\" body_font=\"|600|||||||\" body_text_color=\"#000000\" body_font_size=\"18px\" background_color=\"rgba(0,0,0,0)\" text_orientation=\"left\" min_height=\"138px\" custom_padding=\"15px||0px|0px||\"]<\/p><p>Pendent definir text del m\u00f2dul. Praesent leo orci, bibendum a nulla gravida, viverra facilisis lorem. Nam consequat quam ut posuere egestas. Fusce venenatis lacinia fermentum.<\/p><p>[\/et_pb_cta][\/et_pb_column][et_pb_column type=\"1_5\" global_parent=\"495\" _builder_version=\"3.26.3\"][et_pb_image global_parent=\"495\" src=\"http:\/\/tdapp.org\/wp-content\/uploads\/2019\/07\/Fletxa-dreta.png\" url=\"http:\/\/tdapp.org\/formulari-tdapp\/\" align=\"center\" _builder_version=\"3.26.3\" custom_css_after__hover_enabled=\"on\" \/][\/et_pb_column][\/et_pb_row][et_pb_row admin_label=\"phone\" global_parent=\"495\" use_custom_gutter=\"on\" gutter_width=\"1\" custom_padding=\"0px||0px||false|false\" custom_margin=\"0px||0px||false|false\" disabled_on=\"off|on|on\" _builder_version=\"3.26.3\" width=\"100%\" link_option_url=\"http:\/\/tdapp.org\/formulari-tdapp\/\"][et_pb_column type=\"4_4\" global_parent=\"495\" _builder_version=\"3.26.3\"][et_pb_image global_parent=\"495\" src=\"http:\/\/tdapp.org\/wp-content\/uploads\/2019\/07\/TDApp-icon-formulari-1.png\" align=\"center\" _builder_version=\"3.26.3\" module_alignment=\"center\" max_width=\"100px\" \/][et_pb_cta global_parent=\"495\" title=\"Acc\u00e9s al Formulari TDApp per a Pacients\" button_url=\"http:\/\/tdapp.org\/formulari-tdapp\/\" button_text=\"Accedir\" _builder_version=\"3.26.3\" header_font=\"|700|||||||\" header_font_size=\"30px\" body_font=\"|600|||||||\" body_text_color=\"#000000\" body_font_size=\"18px\" background_color=\"rgba(0,0,0,0)\" custom_button=\"on\" button_text_color=\"#333333\" button_border_color=\"#333333\" button_icon_color=\"#ffffff\" custom_padding=\"15px||0px||false|false\" button_border_color__hover_enabled=\"on\" button_border_color__hover=\"#ffffff\" button_bg_color__hover_enabled=\"on\" button_bg_color__hover=\"#ffffff\" button_bg_enable_color__hover=\"on\" button_text_color__hover_enabled=\"on\" button_text_color__hover=\"#f78d13\"]<\/p><p>Pendent definir text del m\u00f2dul. Praesent leo orci, bibendum a nulla gravida, viverra facilisis lorem. Nam consequat quam ut posuere egestas. Fusce venenatis lacinia fermentum.<\/p><p>[\/et_pb_cta][\/et_pb_column][\/et_pb_row][\/et_pb_section][et_pb_section bb_built=\"1\" admin_label=\"V2 PATROCINADORS MODUL \" _builder_version=\"3.26.3\" background_color=\"#333333\" custom_padding=\"65px||11px|||\" top_divider_height=\"30px\" bottom_divider_color=\"#ffffff\" bottom_divider_height=\"30px\" bottom_divider_flip=\"vertical\" saved_tabs=\"all\" locked=\"off\" prev_background_color=\"#f78d13\" global_module=\"1448\"][et_pb_row global_parent=\"1448\" use_custom_gutter=\"on\" gutter_width=\"1\" custom_padding=\"0px||0px||false|false\" custom_margin=\"0px||0px||false|false\" _builder_version=\"3.26.3\" width=\"100%\"][et_pb_column type=\"4_4\" global_parent=\"1448\" _builder_version=\"3.26.3\"][et_pb_text global_parent=\"1448\" _builder_version=\"3.26.3\" text_font=\"Quicksand|700|||||||\" text_text_color=\"#ffffff\" text_font_size=\"36px\" custom_margin=\"||-1px|||\" custom_padding=\"||1px|||\" text_font_size_phone=\"30px\" text_font_size_last_edited=\"on|phone\"]<\/p><p style=\"text-align: center;\">Patrocinadors i col\u00b7laboradors<\/p><p>[\/et_pb_text][\/et_pb_column][\/et_pb_row][et_pb_row admin_label=\"Desktop \/ tablet\" global_parent=\"1448\" column_structure=\"1_4,1_4,1_4,1_4\" custom_padding=\"||0px|||\" disabled_on=\"on|off|off\" _builder_version=\"3.26.3\" width=\"90%\" max_width=\"90%\"][et_pb_column type=\"1_4\" global_parent=\"1448\" _builder_version=\"3.26.3\"][et_pb_image admin_label=\"Uni Girona\" global_parent=\"1448\" src=\"http:\/\/tdapp.org\/wp-content\/uploads\/2019\/07\/Universitat-Girona.png\" url=\"https:\/\/www.udg.edu\" url_new_window=\"on\" align=\"center\" _builder_version=\"3.26.3\" min_height=\"120px\" \/][\/et_pb_column][et_pb_column type=\"1_4\" global_parent=\"1448\" _builder_version=\"3.26.3\"][et_pb_image admin_label=\"Uni Girona Campus Salut\" global_parent=\"1448\" src=\"http:\/\/tdapp.org\/wp-content\/uploads\/2019\/07\/Universitat-Girona-Campus-Salut.png\" url=\"https:\/\/www.udg.edu\/ca\/campussalut\" url_new_window=\"on\" align=\"center\" _builder_version=\"3.26.3\" min_height=\"142px\" \/][\/et_pb_column][et_pb_column type=\"1_4\" global_parent=\"1448\" _builder_version=\"3.26.3\"][et_pb_image admin_label=\"col\u00b7legi Metges\" global_parent=\"1448\" src=\"http:\/\/tdapp.org\/wp-content\/uploads\/2019\/07\/Colegi-Metges-Girona.png\" url=\"http:\/\/www.comg.cat\" url_new_window=\"on\" align=\"center\" _builder_version=\"3.26.3\" custom_margin=\"||-7px|||\" custom_padding=\"6px|||||\" \/][\/et_pb_column][et_pb_column type=\"1_4\" global_parent=\"1448\" _builder_version=\"3.26.3\"][et_pb_image admin_label=\"Fundaci\u00f3 Pacual\" global_parent=\"1448\" src=\"http:\/\/tdapp.org\/wp-content\/uploads\/2019\/07\/Fundacio-Pascual.png\" url=\"http:\/\/www.comg.cat\/ca\/73-fundacio-pascual-i-prats\" url_new_window=\"on\" align=\"center\" _builder_version=\"3.26.3\" width=\"95.9%\" \/][\/et_pb_column][\/et_pb_row][et_pb_row admin_label=\"Phone 1\" global_parent=\"1448\" column_structure=\"1_4,1_4,1_4,1_4\" use_custom_gutter=\"on\" gutter_width=\"1\" custom_padding=\"||0px|||\" disabled_on=\"off|on|on\" _builder_version=\"3.26.3\" width=\"90%\" max_width=\"200px\"][et_pb_column type=\"1_4\" global_parent=\"1448\" _builder_version=\"3.26.3\"][et_pb_image admin_label=\"Uni Girona\" global_parent=\"1448\" src=\"http:\/\/tdapp.org\/wp-content\/uploads\/2019\/07\/Universitat-Girona.png\" url=\"https:\/\/www.udg.edu\" url_new_window=\"on\" align=\"center\" _builder_version=\"3.26.3\" min_height=\"120px\" \/][\/et_pb_column][et_pb_column type=\"1_4\" global_parent=\"1448\" _builder_version=\"3.26.3\"][et_pb_image admin_label=\"Uni Girona Campus Salut\" global_parent=\"1448\" src=\"http:\/\/tdapp.org\/wp-content\/uploads\/2019\/07\/Universitat-Girona-Campus-Salut.png\" url=\"https:\/\/www.udg.edu\/ca\/campussalut\" url_new_window=\"on\" align=\"center\" _builder_version=\"3.26.3\" min_height=\"142px\" \/][\/et_pb_column][et_pb_column type=\"1_4\" global_parent=\"1448\" _builder_version=\"3.26.3\"][et_pb_image admin_label=\"col\u00b7legi Metges\" global_parent=\"1448\" src=\"http:\/\/tdapp.org\/wp-content\/uploads\/2019\/07\/Colegi-Metges-Girona.png\" url=\"http:\/\/www.comg.cat\" url_new_window=\"on\" align=\"center\" _builder_version=\"3.26.3\" custom_margin=\"||-7px|||\" custom_padding=\"6px|||||\" \/][\/et_pb_column][et_pb_column type=\"1_4\" global_parent=\"1448\" _builder_version=\"3.26.3\"][et_pb_image admin_label=\"Fundaci\u00f3 Pacual\" global_parent=\"1448\" src=\"http:\/\/tdapp.org\/wp-content\/uploads\/2019\/07\/Fundacio-Pascual.png\" url=\"http:\/\/www.comg.cat\/ca\/73-fundacio-pascual-i-prats\" url_new_window=\"on\" align=\"center\" _builder_version=\"3.26.3\" width=\"95.9%\" \/][\/et_pb_column][\/et_pb_row][et_pb_row admin_label=\"Desktop \/ tablet\" global_parent=\"1448\" column_structure=\"1_4,1_4,1_4,1_4\" custom_padding=\"0px|||||\" disabled_on=\"on|off|off\" _builder_version=\"3.26.3\" width=\"90%\" max_width=\"90%\"][et_pb_column type=\"1_4\" global_parent=\"1448\" _builder_version=\"3.26.3\"][et_pb_image admin_label=\"IAS\" global_parent=\"1448\" src=\"http:\/\/tdapp.org\/wp-content\/uploads\/2019\/07\/iAS.png\" url=\"http:\/\/www.ias.cat\" url_new_window=\"on\" align=\"center\" _builder_version=\"3.26.3\" width=\"97.7%\" \/][\/et_pb_column][et_pb_column type=\"1_4\" global_parent=\"1448\" _builder_version=\"3.26.3\"][et_pb_image admin_label=\"UOC\" global_parent=\"1448\" src=\"http:\/\/tdapp.org\/wp-content\/uploads\/2019\/07\/UOC.png\" url=\"https:\/\/www.uoc.edu\/portal\/es\/index.html\" url_new_window=\"on\" align=\"center\" _builder_version=\"3.26.3\" custom_margin__hover_enabled=\"on\" \/][\/et_pb_column][et_pb_column type=\"1_4\" global_parent=\"1448\" _builder_version=\"3.26.3\"][et_pb_image admin_label=\"Parc Sanitari Sant Joan de Deu\" global_parent=\"1448\" src=\"http:\/\/tdapp.org\/wp-content\/uploads\/2019\/07\/Parc-Sanitari-Sant-Joan-de-Deu.png\" url=\"http:\/\/www.pssjd.org\/ca-es\/Paginas\/default.aspx\" url_new_window=\"on\" align=\"center\" _builder_version=\"3.26.3\" custom_margin__hover_enabled=\"on\" \/][\/et_pb_column][et_pb_column type=\"1_4\" global_parent=\"1448\" _builder_version=\"3.26.3\"][et_pb_image admin_label=\"Cochrane\" global_parent=\"1448\" src=\"http:\/\/tdapp.org\/wp-content\/uploads\/2019\/07\/Centro-Cochrane.png\" url=\"https:\/\/es.cochrane.org\/es\" url_new_window=\"on\" align=\"center\" _builder_version=\"3.26.3\" \/][\/et_pb_column][\/et_pb_row][et_pb_row admin_label=\"Phone\" global_parent=\"1448\" column_structure=\"1_4,1_4,1_4,1_4\" use_custom_gutter=\"on\" gutter_width=\"1\" custom_padding=\"0px|||||\" disabled_on=\"off|on|on\" _builder_version=\"3.26.3\" width=\"90%\" max_width=\"200px\"][et_pb_column type=\"1_4\" global_parent=\"1448\" _builder_version=\"3.26.3\"][et_pb_image admin_label=\"IAS\" global_parent=\"1448\" src=\"http:\/\/tdapp.org\/wp-content\/uploads\/2019\/07\/iAS.png\" url=\"http:\/\/www.ias.cat\" url_new_window=\"on\" align=\"center\" _builder_version=\"3.26.3\" width=\"97.7%\" \/][\/et_pb_column][et_pb_column type=\"1_4\" global_parent=\"1448\" _builder_version=\"3.26.3\"][et_pb_image admin_label=\"UOC\" global_parent=\"1448\" src=\"http:\/\/tdapp.org\/wp-content\/uploads\/2019\/07\/UOC.png\" url=\"https:\/\/www.uoc.edu\/portal\/es\/index.html\" url_new_window=\"on\" align=\"center\" _builder_version=\"3.26.3\" custom_margin__hover_enabled=\"on\" \/][\/et_pb_column][et_pb_column type=\"1_4\" global_parent=\"1448\" _builder_version=\"3.26.3\"][et_pb_image admin_label=\"Parc Sanitari Sant Joan de Deu\" global_parent=\"1448\" src=\"http:\/\/tdapp.org\/wp-content\/uploads\/2019\/07\/Parc-Sanitari-Sant-Joan-de-Deu.png\" url=\"http:\/\/www.pssjd.org\/ca-es\/Paginas\/default.aspx\" url_new_window=\"on\" align=\"center\" _builder_version=\"3.26.3\" custom_margin__hover_enabled=\"on\" \/][\/et_pb_column][et_pb_column type=\"1_4\" global_parent=\"1448\" _builder_version=\"3.26.3\"][et_pb_image admin_label=\"Cochrane\" global_parent=\"1448\" src=\"http:\/\/tdapp.org\/wp-content\/uploads\/2019\/07\/Centro-Cochrane.png\" url=\"https:\/\/es.cochrane.org\/es\" url_new_window=\"on\" align=\"center\" _builder_version=\"3.26.3\" \/][\/et_pb_column][\/et_pb_row][\/et_pb_section]<\/p>","_et_gb_content_width":"","footnotes":""},"_links":{"self":[{"href":"https:\/\/tdapp.org\/es\/wp-json\/wp\/v2\/pages\/1663"}],"collection":[{"href":"https:\/\/tdapp.org\/es\/wp-json\/wp\/v2\/pages"}],"about":[{"href":"https:\/\/tdapp.org\/es\/wp-json\/wp\/v2\/types\/page"}],"author":[{"embeddable":true,"href":"https:\/\/tdapp.org\/es\/wp-json\/wp\/v2\/users\/2"}],"replies":[{"embeddable":true,"href":"https:\/\/tdapp.org\/es\/wp-json\/wp\/v2\/comments?post=1663"}],"version-history":[{"count":3,"href":"https:\/\/tdapp.org\/es\/wp-json\/wp\/v2\/pages\/1663\/revisions"}],"predecessor-version":[{"id":1727,"href":"https:\/\/tdapp.org\/es\/wp-json\/wp\/v2\/pages\/1663\/revisions\/1727"}],"up":[{"embeddable":true,"href":"https:\/\/tdapp.org\/es\/wp-json\/wp\/v2\/pages\/1668"}],"wp:attachment":[{"href":"https:\/\/tdapp.org\/es\/wp-json\/wp\/v2\/media?parent=1663"}],"curies":[{"name":"wp","href":"https:\/\/api.w.org\/{rel}","templated":true}]}}